{"id":1887,"date":"2019-12-21T19:50:36","date_gmt":"2019-12-21T19:50:36","guid":{"rendered":"http:\/\/www.torrijos1831.com\/?page_id=1887"},"modified":"2020-01-01T20:12:09","modified_gmt":"2020-01-01T20:12:09","slug":"sexsenio-absolutista-2","status":"publish","type":"page","link":"http:\/\/www.torrijos1831.com\/?page_id=1887","title":{"rendered":"Sexsenio Absolutista"},"content":{"rendered":"\n<figure class=\"wp-block-image size-large\"><img loading=\"lazy\" width=\"465\" height=\"800\" src=\"http:\/\/www.torrijos1831.com\/wp-content\/uploads\/2020\/01\/Fernando20VII.jpg\" alt=\"\" class=\"wp-image-2029\" srcset=\"http:\/\/www.torrijos1831.com\/wp-content\/uploads\/2020\/01\/Fernando20VII.jpg 465w, http:\/\/www.torrijos1831.com\/wp-content\/uploads\/2020\/01\/Fernando20VII-174x300.jpg 174w\" sizes=\"(max-width: 465px) 100vw, 465px\" \/><\/figure>\n\n\n<p><strong><span style=\"color: #000000;\">1814.- El momento en el que Fernando VII recuper\u00f3 el poder absoluto, tiene fecha: 4 de mayo. En el correspondiente decreto-manifiesto, el monarca neg\u00f3 la representatividad de las Cortes y no jur\u00f3 la Constituci\u00f3n de 1812.<\/span><\/strong><\/p>\n<p><strong><span style=\"color: #000000;\">La represi\u00f3n y las injusticias fueron las armas del monarca fernandino para someter el pa\u00eds a su dictado. Las medidas adoptadas incidieron de forma particular al ej\u00e9rcito, donde volvieron a exigirse de nuevo las pruebas de nobleza para el acceso a la oficialidad, lo que dej\u00f3 en precaria situaci\u00f3n a muchos oficiales y jefes que hab\u00eda conseguido su empleo en la guerra, gracias a su valor y sacrificio.<\/span><\/strong><\/p>\n<p><strong><span style=\"color: #000000;\">A diferencia de los citados, Torrijos no se vio afectado gracias a su origen familiar (en su Hoja de Servicios figura calidad: noble), pero s\u00ed fue solidario, desde un primer momento, con sus compa\u00f1eros de armas, forjando su conciencia con el amor a las libertades y los derechos constitucionales.<\/span><\/strong><\/p>\n<p><strong><span style=\"color: #000000;\">Con el fin de sofocar el movimiento independentista americano, la divisi\u00f3n a la que pertenec\u00eda la brigada del ya general Torrijos, fue destinada a<\/span> <span style=\"color: #000000;\">Montevideo.<\/span><\/strong><\/p>\n<p><strong><span style=\"color: #000000;\">Como era ya un liberal convencido, implic\u00e1ndose cada vez m\u00e1s en la trama conspirativa que pretend\u00eda la reinstauraci\u00f3n de la Constituci\u00f3n, opt\u00f3 por no marchar a Am\u00e9rica, pues no estaba de acuerdo como se iba a ejercer all\u00ed la represi\u00f3n el poder absoluto. La circunstancia de que aquel servicio era voluntario, permiti\u00f3 a Torrijos no ir en expedici\u00f3n de ultramar, simplemente tomando esa opci\u00f3n.<\/span><\/strong><\/p>\n<p><strong><span style=\"color: #000000;\">1815.- Muri\u00f3, a poco de nacer, la \u00fanica hija del matrimonio Torrijos.<\/span><\/strong><\/p>\n<p><strong><span style=\"color: #000000;\">Al regresar Napole\u00f3n de la isla de Elba, Torrijos solicit\u00f3 marchar a la frontera del Pirineo oriental, donde qued\u00f3 ubicada su brigada, encuadrada en la 1\u00aa Divisi\u00f3n.<\/span><\/strong><br \/><strong><span style=\"color: #000000;\">Tras la derrota de Napole\u00f3n en Waterloo, hubo una reorganizaci\u00f3n en el ej\u00e9rcito espa\u00f1ol, siendo nombrado Torrijos coronel del regimiento Lorena, el cual estaba integrado por tres batallones: tiradores de C\u00e1diz y de Barcelona, y Voluntarios de Madrid.<\/span><\/strong><\/p>\n<p><strong><span style=\"color: #000000;\">Esta unidad pas\u00f3 de guarnici\u00f3n a las plazas de Murcia, Alicante y Cartagena, traslad\u00e1ndose Torrijos con su mujer a vivir en la primera<\/span><\/strong>.<\/p>\n<p><strong><span style=\"color: #000000;\">El trabajo de organizaci\u00f3n llevado a cabo por Torrijos en su unidad, mereci\u00f3 la aprobaci\u00f3n del general inspector Ram\u00f3n P\u00edrez, que lo propuso con tres coroneles m\u00e1s, para ascenderlo a mariscal de campo.<\/span><\/strong><\/p>\n<p><strong><span style=\"color: #000000;\">La muerte en la horca del mariscal de campo Juan D\u00edaz Porlier, el d\u00eda 3 de octubre, tras su intento de pronunciamiento contra el absolutismo, reafirmar\u00e1 a\u00fan m\u00e1s las convicciones de Torrijos.<\/span><\/strong><\/p>\n<p><strong><span style=\"color: #000000;\">1816.- La continua y encarnizada represi\u00f3n del poder absoluto, oblig\u00f3 a muchos de los perseguidos a solicitar de Torrijos que, desde su persona y cargo, los auxiliara. \u00c9ste les abri\u00f3 sus brazos manifest\u00e1ndoles que nada val\u00eda m\u00e1s para \u00e9l que la libertad.<\/span><\/strong><\/p>\n<p><strong><span style=\"color: #000000;\">1817.- Relacionado con el fracasado pronunciamiento del capit\u00e1n general Luis Lacy y Gauthier, que fue fusilado en el castillo de Bellver de Palma de Mallorca el 5 de julio, y comprometido por unas cartas que le cogieron al capit\u00e1n Van Halem, el gobierno absoluto orden\u00f3 el arresto e incomunicaci\u00f3n de Torrijos el 28 de diciembre, siendo trasladado a Alicante donde se le confin\u00f3 en un calabozo del castillo de Santa B\u00e1rbara. En \u00e9l se reencontr\u00f3 con un viejo amigo: Francisco Fern\u00e1ndez Golf\u00edn.<\/span><\/strong><\/p>\n<p><strong><span style=\"color: #000000;\">1818.- El d\u00eda 24 de marzo, Torrijos fue llevado a Murcia en ingresado en la c\u00e1rcel de la Inquisici\u00f3n, compartiendo prisi\u00f3n con Romero Alpuente, Mat\u00edas Mo\u00f1ino, Ignacio L\u00f3pez Pinto y varios oficiales del Regimiento Lorena. Todos ellos estuvieron sometidos al poder del inquisidor mayor Juan Casta\u00f1eda.<\/span><\/strong><\/p>","protected":false},"excerpt":{"rendered":"<p>1814.- El momento en el que Fernando VII recuper\u00f3 el poder absoluto, tiene fecha: 4 de mayo. En el correspondiente decreto-manifiesto, el monarca neg\u00f3 la representatividad de las Cortes y no jur\u00f3 la Constituci\u00f3n de 1812. La represi\u00f3n y las injusticias fueron las armas del monarca fernandino para someter el pa\u00eds a su dictado. Las&#8230;<\/p>\n","protected":false},"author":1,"featured_media":0,"parent":0,"menu_order":0,"comment_status":"closed","ping_status":"closed","template":"","meta":[],"_links":{"self":[{"href":"http:\/\/www.torrijos1831.com\/index.php?rest_route=\/wp\/v2\/pages\/1887"}],"collection":[{"href":"http:\/\/www.torrijos1831.com\/index.php?rest_route=\/wp\/v2\/pages"}],"about":[{"href":"http:\/\/www.torrijos1831.com\/index.php?rest_route=\/wp\/v2\/types\/page"}],"author":[{"embeddable":true,"href":"http:\/\/www.torrijos1831.com\/index.php?rest_route=\/wp\/v2\/users\/1"}],"replies":[{"embeddable":true,"href":"http:\/\/www.torrijos1831.com\/index.php?rest_route=%2Fwp%2Fv2%2Fcomments&post=1887"}],"version-history":[{"count":2,"href":"http:\/\/www.torrijos1831.com\/index.php?rest_route=\/wp\/v2\/pages\/1887\/revisions"}],"predecessor-version":[{"id":2030,"href":"http:\/\/www.torrijos1831.com\/index.php?rest_route=\/wp\/v2\/pages\/1887\/revisions\/2030"}],"wp:attachment":[{"href":"http:\/\/www.torrijos1831.com\/index.php?rest_route=%2Fwp%2Fv2%2Fmedia&parent=1887"}],"curies":[{"name":"wp","href":"https:\/\/api.w.org\/{rel}","templated":true}]}}