{"id":1892,"date":"2019-12-21T19:55:59","date_gmt":"2019-12-21T19:55:59","guid":{"rendered":"http:\/\/www.torrijos1831.com\/?page_id=1892"},"modified":"2020-01-01T20:15:19","modified_gmt":"2020-01-01T20:15:19","slug":"trieno-liberal","status":"publish","type":"page","link":"http:\/\/www.torrijos1831.com\/?page_id=1892","title":{"rendered":"Trieno Liberal"},"content":{"rendered":"\n<figure class=\"wp-block-image size-large\"><img loading=\"lazy\" width=\"700\" height=\"794\" src=\"http:\/\/www.torrijos1831.com\/wp-content\/uploads\/2020\/01\/Riego.jpg\" alt=\"\" class=\"wp-image-2031\" srcset=\"http:\/\/www.torrijos1831.com\/wp-content\/uploads\/2020\/01\/Riego.jpg 700w, http:\/\/www.torrijos1831.com\/wp-content\/uploads\/2020\/01\/Riego-264x300.jpg 264w\" sizes=\"(max-width: 700px) 100vw, 700px\" \/><\/figure>\n\n\n<p><strong><span style=\"color: #000000;\">1820.- El 1 de enero se llev\u00f3 a cabo el pronunciamiento de Rafael del Riego en Las Cabezas de San Juan.<\/span><\/strong><\/p>\n<p><strong><span style=\"color: #000000;\">Cuando este parec\u00eda estar condenado al fracaso, el coronel Espinosa se levant\u00f3 en la Coru\u00f1a, y tras esta ciudad, siguieron las de Oviedo, Cartagena, Zaragoza, Barcelona y C\u00e1diz. Aquel levantamiento contra el absolutismo de Fernando VII, liber\u00f3 a Torrijos y sus compa\u00f1eros, lo cuales lograron que el 29 de febrero el movimiento constitucional se implantara en Murcia.<\/span><\/strong><\/p>\n<p><strong><span style=\"color: #000000;\">El 10 de marzo, Fernando VII public\u00f3 su c\u00ednico y c\u00e9lebre manifiesto: \u201cHe jurado esa Constituci\u00f3n por la que suspir\u00e1is y ser\u00e9 siempre su m\u00e1s firme apoyo\u201d, a lo que continu\u00f3 con el ladino \u201cMarchemos francamente, y yo el primero, por la senda constitucional\u201d.<\/span><\/strong><\/p>\n<p><strong><span style=\"color: #000000;\">Ante aquellos hechos hist\u00f3ricos, Torrijos se constituy\u00f3 en uno de esos j\u00f3venes militares que formaba parte, pol\u00edticamente, de la generaci\u00f3n de Riego y del ej\u00e9rcito de la Isla de Le\u00f3n.<\/span><\/strong><\/p>\n<p><strong><span style=\"color: #000000;\">Por su fama militar y como hombre conciliador, de porte aristocr\u00e1tico y juicio ponderado, se le ofreci\u00f3 en el mes de marzo, el mando del Regimiento Fernando VII, en Madrid, aceptando el cargo.<\/span><\/strong><\/p>\n<p><strong><span style=\"color: #000000;\">Como ciudadano tuvo una gran actividad en el establecimiento de las libertades, a trav\u00e9s de las sociedades patri\u00f3ticas. Form\u00f3 parte de la Fontana de Oro y de los Amantes del Orden Constitucional.<\/span><\/strong><\/p>\n<p><strong><span style=\"color: #000000;\">1821.- Debido al movimiento de pactos nacido en la Masoner\u00eda, Torrijos y muchos de sus compa\u00f1eros fundaron en enero de 1821, la sociedad de la Comuner\u00eda, que escindida a su vez, hizo que Torrijos tomara partido por la m\u00e1s moderada: Comuneros constitucionales.<\/span><\/strong><\/p>\n<p><strong><span style=\"color: #000000;\">Mientras, los brotes insurgentes comenzaron a extenderse por el territorio nacional, apareciendo centenares de partidas realistas que actuaban con apoyo del clero y un no despreciable respaldo popular.<\/span><\/strong><\/p>\n<p><strong><span style=\"color: #000000;\">Las partidas m\u00e1s tenaces y peligrosas nacieron al norte de Catalu\u00f1a.<\/span><\/strong><\/p>\n<p><strong><span style=\"color: #000000;\">El 11 de diciembre, al regresar de una comida campestre con su mujer y algunos amigos, Torrijos es objeto de un atentado, en el que el proyectil roza su semblante. Asesinar a Torrijos fue uno de los objetivos a finales de 1831.<\/span><\/strong><\/p>\n<p><strong><span style=\"color: #000000;\">1822.- En la primavera, Torrijos parte para Catalu\u00f1a ostentado el cargo de brigadier de los ej\u00e9rcitos nacionales.<\/span><\/strong><\/p>\n<p><strong><span style=\"color: #000000;\">Tras dominar las guerrillas facciosas que cercaban Calatayud, Torrijos se dirigi\u00f3 a L\u00e9rida, donde lleg\u00f3 el 16 de mayo. Reforz\u00f3 la ciudad que estaba indefensa ante el enemigo y tom\u00f3 el cargo de comandante general de la provincia leridana.<\/span><\/strong><\/p>\n<p><strong><span style=\"color: #000000;\">El d\u00eda 17 derrot\u00f3 a la partida del terrible Trapense en la localidad de T\u00e1rraga y, el 18, tras un duro combate se apoder\u00f3 de Cervera, poblaci\u00f3n tomada tres veces durante el conflicto, por lo que qued\u00f3 reducida a ruinas.<\/span><\/strong><\/p>\n<p><strong><span style=\"color: #000000;\">D\u00edas despu\u00e9s las tropas liberales dirigidas por Torrijos recuperaron Solsona, y el 6 de junio march\u00f3 otra vez hacia Cervera (de nuevo en peligro), batiendo a los facciosos en Tora.<\/span><\/strong><\/p>\n<p><strong><span style=\"color: #000000;\">Movi\u00e9ndose por un terreno monta\u00f1oso y rodeado de guerrillas enemigas que ocupaban posiciones muy ventajosas, Torrijos se bati\u00f3 con inteligencia y arrojo pese a disponer de muy pocos medios para sostener la misi\u00f3n que se le hab\u00eda encomendado. Su tropa la formaban de 400 a 500 hombres (la vez que pudo disponer de m\u00e1s, fue de 800), incluyendo la caballer\u00eda, una compa\u00f1\u00eda de 50 migueletes bajo el mando del capit\u00e1n Carlos Vicent de Agramunt, y una pieza de monta\u00f1a del calibre del cuatro. Torrijos gracia a sus dotes para la estrategia y la t\u00e1ctica, y bati\u00e9ndose pr\u00e1cticamente a diario, mantuvo un total de treinta y nueve acciones contra el enemigo, en el \u00e1rea de Solsona, Berga, Cardona, Cervera y Agramunt, saliendo victorioso en cada una de ellas.<\/span><\/strong><\/p>\n<p><strong><span style=\"color: #000000;\">El 7 de julio, sobrevino en Madrid el pronunciamiento de la Guardia Real, levantamiento que fue sofocado por los liberales.<\/span><\/strong><\/p>\n<p><strong><span style=\"color: #000000;\">Una vez que recuperado el control, el gobierno de Evaristo San Miguel nombr\u00f3 mariscal de campo a Torrijos, el 20 de agosto, por sus destacados servicios en Catalu\u00f1a, d\u00e1ndole el mando del 5\u00ba distrito.<\/span><\/strong><\/p>\n<p><strong><span style=\"color: #000000;\">El 5\u00ba distrito era uno de los m\u00e1s dif\u00edciles de defender para la causa constitucional. Abarcaba Navarra, las tres provincias del Pa\u00eds Vasco, la Rioja y parte de Castilla la Vieja. Este amplio territorio ya ard\u00eda en plena rebeld\u00eda, habiendo declarado la Cortes el estado de guerra en el mismo, antes de que llegara Torrijos.<\/span><\/strong><\/p>\n<p><strong><span style=\"color: #000000;\">El general liberal lleg\u00f3 a Vitoria, cabecera del distrito, estableciendo la defensa del territorio y las poblaciones bajo su mando. Suministr\u00f3 hombres, munici\u00f3n y provisiones a plazas fuertes como Pamplona, San Sebasti\u00e1n o Santo\u00f1a.<\/span><\/strong><\/p>\n<p><strong><span style=\"color: #000000;\">A pesar de s\u00f3lo contar con un total de 2.500 hombres como fuerza de maniobra, Torrijos oper\u00f3 muy acertadamente en campo abierto.<\/span><\/strong><\/p>\n<p><strong><span style=\"color: #000000;\">Las partidas realistas buscaron refugio en la casa-fuerte de Irat\u00ed, en lo alto de un monte inaccesible para aproximar hasta all\u00ed a la artiller\u00eda. Pero Torrijos y sus unidades, contando con voluntarios de la zona talaron grandes \u00e1rboles, lo que permiti\u00f3 poner a tiro de tres ca\u00f1ones el basti\u00f3n de Irati.<\/span><\/strong><\/p>\n<p><strong><span style=\"color: #000000;\">Esto provoc\u00f3 la huida de los insurgentes, apoder\u00e1ndose las tropas gubernamentales de un amplio arsenal antes de volar definitivamente el fuerte.<\/span><\/strong><\/p>\n<p><strong><span style=\"color: #000000;\">Ante la amenaza de invasi\u00f3n del ej\u00e9rcito franc\u00e9s que iba a cumplimentar el mandato de la Santa Alianza, para derrocar al r\u00e9gimen constitucional espa\u00f1ol; el gobierno de la naci\u00f3n estableci\u00f3 como estrategia, retirar a las unidades encuadradas en las columnas m\u00f3viles, sin presentar batalla, dejando s\u00f3lo las guarniciones que defend\u00edan las plazas fuertes, por lo cual se las abandonaba a su suerte.<\/span><\/strong><\/p>\n<p><strong><span style=\"color: #000000;\">Con aquella orden, Torrijos comprendi\u00f3 r\u00e1pidamente que el pa\u00eds se iba a abandonar al enemigo. Una gran humillaci\u00f3n a la que hab\u00eda que sumar el exterminio de los patriotas comprometidos que quedaban atr\u00e1s en las diferentes poblaciones, pues los d\u00edas de venganza estaban por llegar.<\/span><\/strong><\/p>\n<p><strong><span style=\"color: #000000;\">Torrijos propuso por escrito un plan al gobierno para defender la invasi\u00f3n en los desfiladeros de Arlab\u00e1n y Pancorbo, pero no se le respondi\u00f3. Al contrario, mandaron al capit\u00e1n general Ballesteros para cumplimentar la evacuaci\u00f3n, refundiendo los ej\u00e9rcitos del 5\u00ba y 6\u00ba distritos militares, en el segundo de operaciones. Torrijos pidi\u00f3 la dimisi\u00f3n de su cargo.<\/span><\/strong><\/p>\n<p><strong><span style=\"color: #000000;\">1823.- As\u00ed estaban las cosas cuando, el 28 de febrero, Torrijos fue nombrado ministro de la Guerra a los 32 a\u00f1os. Por carta solicit\u00f3 que no se le confiriera ese cargo, aludiendo que no era la persona id\u00f3nea para el mismo y que necesitaba ejercer su carrera de las armas en los campos de batalla. Pero una vez m\u00e1s el gobierno no le oy\u00f3.<\/span><\/strong><\/p>\n<p><strong><span style=\"color: #000000;\">El 7 de abril entr\u00f3 por Ir\u00fan el ej\u00e9rcito franc\u00e9s mandado por el duque de Angulema. Lo compon\u00edan 110.500 soldados de Infanter\u00eda, 22.000 de Caballer\u00eda y 108 piezas de Artiller\u00eda. A ello hab\u00eda que a\u00f1adir las partidas realistas que se iban sumando como fuerzas de flaqueo y vanguardia, y aquellas otras que actuaban como quinta columna detr\u00e1s las l\u00edneas de los constitucionalistas.<\/span><\/strong><\/p>\n<p><strong><span style=\"color: #000000;\">Frente a aquel poderoso enemigo, los liberales opusieron cuatro cuerpos de ej\u00e9rcitos, cada uno de ellos formados por unos 18.000 hombres: el llamado ej\u00e9rcito de operaciones del general Ballesteros, el ej\u00e9rcito de Catalu\u00f1a mandado por el general Espoz y Mina, el ej\u00e9rcito de Castilla y Asturias a las \u00f3rdenes del general Morillo y el del centro dirigido por el duque de La Bisbal.<\/span><\/strong><\/p>\n<p><strong><span style=\"color: #000000;\">Estas fuerzas, junto con la Milicia Nacional y las que compon\u00edan la guarnici\u00f3n de diversas ciudades, ascend\u00edan a algo m\u00e1s de 100.000 hombres.<\/span><\/strong><br \/><strong><span style=\"color: #000000;\">Pero los franceses se propusieron no cometer los grandes errores de 1808, con requisas, devastaciones y saqueos en las ciudades y en las zonas rurales. Esta vez, su log\u00edstica fue preparada minuciosamente, pagando al contado a los proveedores espa\u00f1oles que lo abastec\u00edan.<\/span><\/strong><\/p>\n<p><strong><span style=\"color: #000000;\">No buscaban el aniquilamiento de las unidades liberales, sino dejarlas sin operatividad y propiciar la defecci\u00f3n de sus mandos, estableciendo como estrategia principal una r\u00e1pida marcha hacia el sur para liberar a Fernando VII.<\/span><\/strong><\/p>\n<p><strong><span style=\"color: #000000;\">En vano intentaron los liberales el levantamiento del mundo rural como en la Guerra de la Independencia. Adem\u00e1s, esta vez ten\u00edan al clero en contra.<\/span><\/strong><br \/><strong><span style=\"color: #000000;\">Ser\u00edan las ciudades del litoral, con una burgues\u00eda liberal progresista, las que mostrar\u00edan su mayor resistencia a los franceses, los cuales hab\u00edan visto ya el terreno despejado con la r\u00e1pida capitulaci\u00f3n de La Bisbal, el abandono de Morillo, retir\u00e1ndose hacia el oeste sin combatir y ofreciendo, posteriormente, sus servicios al dique de Angulema, y la vergonzosa retirada de Ballesteros por el Levante espa\u00f1ol y Andaluc\u00eda oriental.<\/span><\/strong><\/p>\n<p><strong><span style=\"color: #000000;\">Fue la traici\u00f3n de estos tres generales lo que derrumb\u00f3 la defensa militar de aquella Espa\u00f1a liberal.<\/span><\/strong><\/p>\n<p><strong><span style=\"color: #000000;\">Solamente Mina present\u00f3 una seria resistencia en Catalu\u00f1a (en el combate de Llers del 15 de septiembre, pereci\u00f3 la flor y nata de los provinciales del principado, as\u00ed como la legi\u00f3n liberal extranjera integrada mayoritariamente por liberales italianos), pero atacado por fuertes contingentes franceses y numerosas partidas realistas, se vio obligado a encerrarse en Barcelona.<\/span><\/strong><\/p>\n<p><strong><span style=\"color: #000000;\">Torrijos se present\u00f3 el 20 de abril en Sevilla para realizar la toma del cargo de ministro de la Guerra, pero debido a la tensa situaci\u00f3n que ya se viv\u00eda en la capital hispalense, nadie le atendi\u00f3. Al d\u00eda siguiente, el rey dej\u00f3 sin efecto el nombramiento de Torrijos, respondi\u00e9ndole el joven mariscal de campo al monarca con una carta, en la que reflej\u00f3 todo su car\u00e1cter y dignidad.<\/span><\/strong><\/p>\n<p><strong><span style=\"color: #000000;\">El gobierno destin\u00f3 a Torrijos ha hacerse cargo del 6\u00ba distrito (Arag\u00f3n), saliendo el joven mariscal en compa\u00f1\u00eda de su esposa camino de \u00c9cija. All\u00ed se enteraron por gente procedente de Granada, que el enemigo hab\u00eda sobrepasado el desfiladero de Despe\u00f1aperros y que Arag\u00f3n ya hab\u00eda ca\u00eddo en manos de los franceses.<\/span><\/strong><\/p>\n<p><strong><span style=\"color: #000000;\">Torrijos decidi\u00f3 entonces dirigirse a M\u00e1laga donde hab\u00edan surgido brotes de rebeli\u00f3n contra el r\u00e9gimen constitucional. Lleg\u00f3 a la capital, reforz\u00f3 la autoridad del gobernador, encerr\u00f3 a los alborotadores y restaur\u00f3 el orden en la ciudad. Despu\u00e9s, en un vapor de cabotaje se traslad\u00f3 a Alicante con su mujer, donde desembarc\u00f3.<\/span><\/strong><\/p>\n<p><strong><span style=\"color: #000000;\">A finales de junio, Torrijos se dirigi\u00f3 a Baza. All\u00ed le recibi\u00f3 su superior el general Rafael Ballesteros, que hac\u00eda semanas que se replegaba hacia el sur.<\/span><\/strong><br \/><strong><span style=\"color: #000000;\">Torrijos le manifest\u00f3 que le sorprend\u00eda su inesperada retirada, dejando en retaguardia tantas plazas liberales a su suerte, desde las que se podr\u00eda haber hecho gran quebranto al enemigo.<\/span><\/strong><\/p>\n<p><strong><span style=\"color: #000000;\">Al no poderle rebatir militarmente lo que le dec\u00eda, Ballesteros le explic\u00f3 su malestar con los pol\u00edticos de Sevilla y su actitud contraria al gobierno. Torrijos le manifest\u00f3 su decepci\u00f3n por lo que o\u00eda, pues siempre le hab\u00eda cre\u00eddo el m\u00e1s fiel defensor de la causa de la libertad, y en el que tantas esperanzas hab\u00edan cifrado. Como Ballesteros volvi\u00f3 al mismo argumento de no querer ser \u201cjuguete\u201d de un partido, Torrijos le afe\u00f3 su conducta, dici\u00e9ndole que lo que estaba en juego era el propio porvenir del pa\u00eds, que reconsiderara su postura y fuese el Ballesteros de la Guerra de la Independencia. La conversaci\u00f3n se encresp\u00f3 de tal manera, que los ayudantes de ambos generales creyeron, por un momento, que sacar\u00edan sus espadas.<\/span><\/strong><\/p>\n<p><strong><span style=\"color: #000000;\">Finalmente, dado que el 6\u00ba distrito ya no exist\u00eda, Ballesteros le dijo a Torrijos que, puesto que era su subordinado, se dirigiera al 8\u00ba distrito (Valencia), y se hiciera cargo de la plaza en poder de los constitucionalistas que estuviera m\u00e1s pr\u00f3xima a ser atacada por el enemigo (las \u00fanicas que quedaban en esa situaci\u00f3n eran Alicante, Cartagena, Pe\u00f1\u00edscola y Pe\u00f1as de San Pedro.<\/span><\/strong><\/p>\n<p><strong><span style=\"color: #000000;\">Aquello no intimid\u00f3 a Torrijos, que viendo clara la traici\u00f3n de Ballesteros y su deseo de quit\u00e1rselo del medio, se cuadr\u00f3 y se despidi\u00f3 de \u00e9l, marchando hacia Cartagena, ciudad a la que lleg\u00f3 el 24 de julio.<\/span><\/strong><\/p>\n<p><strong><span style=\"color: #000000;\">Con escasos medios, pero con el apoyo de jefes militares decididos como el coronel Francisco Vald\u00e9s o el teniente coronel de Artiller\u00eda, Juan L\u00f3pez Pinto, as\u00ed como el incondicional de la poblaci\u00f3n de Cartagena; Torrijos prepar\u00f3 una defensa pr\u00e1cticamente imposible.<\/span><\/strong><\/p>\n<p><strong><span style=\"color: #000000;\">Con los restos de las unidades de infanter\u00eda cre\u00f3 el batall\u00f3n Patria. Organiz\u00f3 un escuadr\u00f3n ligero de Caballer\u00eda y otro de lanceros, y con los presidiarios no envueltos en delitos de sangre form\u00f3 una brigada; acu\u00f1\u00f3 moneda con la plata de las iglesias y fortific\u00f3 los puntos m\u00e1s d\u00e9biles del per\u00edmetro defensivo, colocando su puesto de mando en el cuartel de Artiller\u00eda.<\/span><\/strong><\/p>\n<p><strong><span style=\"color: #000000;\">Su viuda escribi\u00f3: \u201cAs\u00ed, Torrijos, luchando contra obst\u00e1culos y venciendo imposibles, logr\u00f3, en medio de la misma estrechez de su situaci\u00f3n, abrirse un vasto camino en donde desplegar la energ\u00eda de su genio militar\u201d.<\/span><\/strong><\/p>\n<p><strong><span style=\"color: #000000;\">El 4 de agosto, Ballesteros capitul\u00f3 en Campillo de Arenas ante el general franc\u00e9s Monitor. Los liberales perd\u00edan as\u00ed su \u00fanico ej\u00e9rcito de maniobra, quedando reducidos a las defensas de las plazas fuertes mar\u00edtimas.<\/span><\/strong><\/p>\n<p><strong><span style=\"color: #000000;\">Apenas hab\u00eda recibido Torrijos aquella fatal noticia, cuando el 7 de agosto se presentaron los franceses frente a Cartagena, con grandes contingentes de tropas y medios.<\/span><\/strong><\/p>\n<p><strong><span style=\"color: #000000;\">Pese a todo, los defensores no se amilanaron plantando cara al enemigo, habiendo diferentes acciones entre las infanter\u00edas y caballer\u00edas rivales ante la vista de las murallas de la ciudad.<\/span><\/strong><\/p>\n<p><strong><span style=\"color: #000000;\">En Cartagena ard\u00eda el esp\u00edritu de resistencia frente a la agresi\u00f3n de las tropas francesas, as\u00ed como un gran repudio por aquellos generales espa\u00f1oles que con sus capitulaciones hab\u00edan hundido el sistema constitucional.<\/span><\/strong><\/p>\n<p><strong><span style=\"color: #000000;\">El traidor Regato intent\u00f3 convencer en varias ocasiones a Torrijos para que, con prebendas, rindiera las plazas de Cartagena y Alicante, pero el general liberal fue implacable en su respuesta.<\/span><\/strong><\/p>\n<p><strong><span style=\"color: #000000;\">\u201cEst\u00e9 usted seguro, y d\u00edgalo a cuantos guste, que soy espa\u00f1ol y honrado,<\/span><\/strong><br \/><strong><span style=\"color: #000000;\">y que amante de mi patria como el primero, no admitir\u00e9 transacci\u00f3n ni contrato alguno, mientras el honor de la Naci\u00f3n quede con el esplendor debido, y esto no puede verificarse mientras ocupen tropas francesas el territorio espa\u00f1ol\u201d<\/span><\/strong><\/p>\n<p><strong><span style=\"color: #000000;\">En el C\u00e1diz sitiado, con las Cortes en su interior y el rey prisionero, las cosas iban de mal en peor.<\/span><\/strong><\/p>\n<p><strong><span style=\"color: #000000;\">El 20 de septiembre, bombardeado por los franceses por tierra y mar, se rindi\u00f3 el castillo de Sancti Petri, posici\u00f3n fundamental para la defensa de C\u00e1diz ya que por all\u00ed entraban los v\u00edveres a los sitiados.<\/span><\/strong><\/p>\n<p><strong><span style=\"color: #000000;\">El d\u00eda 27 de septiembre, las Cortes decidieron su propia disoluci\u00f3n.<\/span><\/strong><\/p>\n<p><strong><span style=\"color: #000000;\">En la noche del 30 al 31 de septiembre, las fuerzas de Angulema tomaron la posici\u00f3n del Trocadero, lo cual posibilitaba un desembarco en el istmo, cortando la comunicaci\u00f3n de C\u00e1diz con la Isla de Le\u00f3n. Con aquello, la suerte de la ciudad qued\u00f3 decidida.<\/span><\/strong><\/p>\n<p><strong><span style=\"color: #000000;\">El 1 de octubre, los liberales entregaron a su gran reh\u00e9n, el rey, no sin antes haber dado \u00e9ste, falsamente como siempre, perd\u00f3n y olvido.<\/span><\/strong><\/p>\n<p><strong><span style=\"color: #000000;\">Mientras tanto la situaci\u00f3n se hizo imposible en Cartagena, con m\u00e1s de un tercio de su guarnici\u00f3n en los hospitales y sin poder contar con v\u00edveres ni munici\u00f3n.<\/span><\/strong><br \/><strong><span style=\"color: #000000;\">La moral era ya muy escasa, pues se sab\u00eda que ya nadie vendr\u00eda a socorrer la sitiada plaza.<\/span><\/strong><\/p>\n<p><strong><span style=\"color: #000000;\">Esta situaci\u00f3n, y el hecho de que Espa\u00f1a ya hubiera retornado al sistema absolutista, llev\u00f3 a Torrijos y a los dem\u00e1s jefes liberales de Cartagena, a la desagradable conclusi\u00f3n de que, prolongar la defensa de la ciudad en aquella extrema circunstancia la llevar\u00eda a su sacrificio m\u00e1s absoluto.<\/span><\/strong><\/p>\n<p><strong><span style=\"color: #000000;\">El 3 de noviembre, tras cerciorarse de que todo el pa\u00eds ya hab\u00eda ca\u00eddo en manos del absolutismo (Espoz y Mina hab\u00eda capitulado un d\u00eda antes en Barcelona); Torrijos firm\u00f3 con los franceses el convenio de capitulaci\u00f3n de Cartagena y Alicante, siendo, de esta manera, el \u00faltimo general que sostuvo en 1823 el sistema constitucional en Espa\u00f1a.<\/span><\/strong><\/p>\n<p><strong><span style=\"color: #000000;\">El 7 del mismo mes, fue ejecutado Rafael del Riego en la plaza de la Cebada, en Madrid.<\/span><\/strong><\/p>\n<p><strong><span style=\"color: #000000;\">El d\u00eda 18, Torrijos embarc\u00f3 en Cartagena con su esposa y un buen n\u00famero de compa\u00f1eros, partiendo para el exilio a Francia, naci\u00f3n que se hab\u00eda comprometido a pagarle a \u00e9l y a sus subordinados, un subsidio estipulado en la capitulaci\u00f3n.<\/span><\/strong><\/p>","protected":false},"excerpt":{"rendered":"<p>1820.- El 1 de enero se llev\u00f3 a cabo el pronunciamiento de Rafael del Riego en Las Cabezas de San Juan. Cuando este parec\u00eda estar condenado al fracaso, el coronel Espinosa se levant\u00f3 en la Coru\u00f1a, y tras esta ciudad, siguieron las de Oviedo, Cartagena, Zaragoza, Barcelona y C\u00e1diz. Aquel levantamiento contra el absolutismo de&#8230;<\/p>\n","protected":false},"author":1,"featured_media":0,"parent":0,"menu_order":0,"comment_status":"closed","ping_status":"closed","template":"","meta":[],"_links":{"self":[{"href":"http:\/\/www.torrijos1831.com\/index.php?rest_route=\/wp\/v2\/pages\/1892"}],"collection":[{"href":"http:\/\/www.torrijos1831.com\/index.php?rest_route=\/wp\/v2\/pages"}],"about":[{"href":"http:\/\/www.torrijos1831.com\/index.php?rest_route=\/wp\/v2\/types\/page"}],"author":[{"embeddable":true,"href":"http:\/\/www.torrijos1831.com\/index.php?rest_route=\/wp\/v2\/users\/1"}],"replies":[{"embeddable":true,"href":"http:\/\/www.torrijos1831.com\/index.php?rest_route=%2Fwp%2Fv2%2Fcomments&post=1892"}],"version-history":[{"count":2,"href":"http:\/\/www.torrijos1831.com\/index.php?rest_route=\/wp\/v2\/pages\/1892\/revisions"}],"predecessor-version":[{"id":2032,"href":"http:\/\/www.torrijos1831.com\/index.php?rest_route=\/wp\/v2\/pages\/1892\/revisions\/2032"}],"wp:attachment":[{"href":"http:\/\/www.torrijos1831.com\/index.php?rest_route=%2Fwp%2Fv2%2Fmedia&parent=1892"}],"curies":[{"name":"wp","href":"https:\/\/api.w.org\/{rel}","templated":true}]}}