{"id":34,"date":"2018-01-19T17:40:27","date_gmt":"2018-01-19T17:40:27","guid":{"rendered":"http:\/\/torrijos1831.com\/?page_id=34"},"modified":"2021-12-08T09:50:37","modified_gmt":"2021-12-08T09:50:37","slug":"saludo","status":"publish","type":"page","link":"http:\/\/www.torrijos1831.com\/?page_id=34","title":{"rendered":"SALUDO"},"content":{"rendered":"<p style=\"text-align: center;\"><strong><span style=\"color: #000000;\">SALUDO DEL PRESIDENTE<\/span><\/strong><\/p>\n<p style=\"text-align: center;\"><strong><span style=\"color: #000000;\">DE LA ASOCIACI\u00d3N HIST\u00d3RICO CULTURAL TORRIJOS 1831<\/span><\/strong><\/p>\n\n\n<p><\/p>\n\n\n\n<div class=\"wp-block-image\"><figure class=\"aligncenter size-large\"><img loading=\"lazy\" width=\"202\" height=\"305\" src=\"http:\/\/www.torrijos1831.com\/wp-content\/uploads\/2020\/01\/image002-1.jpg\" alt=\"\" class=\"wp-image-2092\" srcset=\"http:\/\/www.torrijos1831.com\/wp-content\/uploads\/2020\/01\/image002-1.jpg 202w, http:\/\/www.torrijos1831.com\/wp-content\/uploads\/2020\/01\/image002-1-199x300.jpg 199w\" sizes=\"(max-width: 202px) 100vw, 202px\" \/><\/figure><\/div>\n\n\n<p><strong><span style=\"color: #000000;\">Estimados amigos:<\/span><\/strong><\/p>\n<p style=\"text-align: justify;\"><strong><span style=\"color: #000000;\">Como presidente de la Asociaci\u00f3n Hist\u00f3rico Cultural Torrijos 1831, colectivo que inici\u00f3 su andadura en 2002, me dirijo a ustedes para darles la grata noticia de la apertura de esta web, dedicada a expandir el sentido, trayectoria y actividades, de nuestro colectivo, en cuanto a la memoria hist\u00f3rica de la figura del general Jos\u00e9 Mar\u00eda Torrijos y Uriarte, h\u00e9roe de la Guerra de la Independencia e insigne liberal, defensor de los derechos ciudadanos y las libertades que emanaron de la Constituci\u00f3n de 1812. Tambi\u00e9n, de los compa\u00f1eros que cayeron con \u00e9l en M\u00e1laga, en la ma\u00f1ana del 11 de diciembre de 1831, v\u00edctimas del poder absoluto del monarca Fernando VII; as\u00ed como de otros insignes liberales, que perdieron sus vidas, o bien padecieron la represi\u00f3n y el exilio, bajo el terror de la denominada D\u00e9cada Ominosa.<\/span><\/strong><\/p>\n<p style=\"text-align: justify;\"><strong><span style=\"color: #000000;\">Gracias a las modernas tecnolog\u00edas, era tiempo ya de concretar este espacio para, en uni\u00f3n de otros medios de comunicaci\u00f3n, pusi\u00e9ramos nuestras noticias al servicio de los centenares de seguidores que, dentro y fuera de nuestra provincia, o bien, desde el propio territorio nacional o el extranjero, desean conocer las actividades de la Asociaci\u00f3n Hist\u00f3rico Cultural Torrijos 1831.<\/span><\/strong><\/p>\n<p style=\"text-align: justify;\"><strong><span style=\"color: #000000;\">Cuando en 1982, compart\u00eda curso en la Secci\u00f3n de Historia de la Facultad de Filosof\u00eda y Letras de la Universidad de M\u00e1laga, con mi amigo Jes\u00fas Rivera Ruiz, ambos coincidimos en el criterio, del abandono institucional en el que se encontraban los lugares de nuestra provincia vinculados con Jos\u00e9 Mar\u00eda Torrijos, tras el desembarco realizado el 2 de diciembre de 1831. En M\u00e1laga, la Cruz de El Bulto se levantaba en medio de restos de escombros, matojos y desechos, en un barrio amenazado ya por la demolici\u00f3n; mientras el antiguo convento de San Andr\u00e9s, con el Refectorio carmelitano en su interior, lugar donde Torrijos y sus compa\u00f1eros pasaron su \u00faltima noche antes de morir, por su estado ruinoso parec\u00eda condenado a su demolici\u00f3n. En Alhaur\u00edn de la Torre, la Alquer\u00eda de Mollina, cortijada donde fueron capturados los liberales de Torrijos el 5 de diciembre de 1831, hab\u00eda sido echada abajo en 1971, en la m\u00e1s absoluta indefensi\u00f3n, sin tenerse en cuenta su historia. En Mijas, no hab\u00eda una se\u00f1alizaci\u00f3n que indicara que en la playa de El Charc\u00f3n se hab\u00eda llevado a cabo el desembarco liberal\u2026 Y as\u00ed, varias cosas m\u00e1s.<\/span><\/strong><\/p>\n<p style=\"text-align: justify;\"><strong><span style=\"color: #000000;\">A partir de 1990, un grupo de personas unidas por la amistad y, sobre todo, por el especial cari\u00f1o por el personaje de Torrijos, realizamos interesantes y novedosas actividades en torno a su figura, como el trabajo de investigaci\u00f3n llevado a cabo en 1993, sobre la ruta de Torrijos y el cerco que padecieron los liberales en la Alquer\u00eda, que posteriormente se vio plasmado en libros como,<em> Del Charc\u00f3n a la Alquer\u00eda: un camino para Torrijos <\/em>(1999), o la novela de <em>El secreto de la Plaza de la Merced <\/em>(2000). Tambi\u00e9n, la creaci\u00f3n art\u00edstica y posteriores actuaciones del muy considerado <em>Musical Torrijos <\/em>(1999), con 14 canciones de corte historicista, obra de Juan Pacheco y Esteban Alc\u00e1ntara, que recorri\u00f3 varias localidades de la provincia de M\u00e1laga, entre de 29 de agosto de 1999 y el 15 de diciembre de 2005. Luego lleg\u00f3 la producci\u00f3n del DVD <em>Torrijos <\/em>(2002), que cont\u00f3 con m\u00e1s de ciento cincuenta actores y figurantes para su realizaci\u00f3n, y que fue proyectado en diversos lugares de M\u00e1laga, Alhaur\u00edn de la Torre y Mijas.<\/span><\/strong><\/p>\n<p style=\"text-align: justify;\"><strong><span style=\"color: #000000;\">Sin embargo, para poder plantear ante instituciones y autoridades, cuestiones de propuestas de mejoras y proyectos interesantes sobre Torrijos y sus compa\u00f1eros hac\u00eda falta formar un colectivo que tuviera personalidad jur\u00eddica, proceso que comenzamos a tratar a principios de 2002. El colectivo deber\u00eda tener sede y representaci\u00f3n en M\u00e1laga, Alhaur\u00edn de la Torre y Mijas, t\u00e9rminos municipales vinculados con los sucesos de diciembre de 1831. La primera sede se colocar\u00eda donde m\u00e1s se implicaran las personas y las instituciones. La asociaci\u00f3n tendr\u00eda estas caracter\u00edsticas: ser\u00eda de \u00e1mbito superior al provincial y velar\u00eda por sus objetivos, valores, personalidad y trayectoria, con un importante espacio abierto a las colaboraciones con las instituciones, imprescindibles para recuperar los lugares vinculados con Torrijos, ya en muy mal estado como se ha citado anteriormente, siendo objetivos prioritarios en la creaci\u00f3n del colectivo y sus estatutos.<\/span><\/strong><\/p>\n<p style=\"text-align: justify;\"><strong><span style=\"color: #000000;\">La experiencia teatral acumulada en el <em>Musical Torrijos<\/em>, as\u00ed como las meritorias escenas plasmadas en el DVD <em>Torrijos<\/em>, nos anim\u00f3 a llevar a las calles, plazas y lugares donde sucedieron aquellos hechos, las recreaciones de los acontecimientos desarrollados en 1831; de esta manera, la futura asociaci\u00f3n, adem\u00e1s de dedicarse al estudio, recopilaci\u00f3n de documentaci\u00f3n y defensa de los lugares vinculados con Torrijos, tambi\u00e9n ser\u00eda de recreaciones hist\u00f3ricas. Nunca antes en la provincia malague\u00f1a se hab\u00eda hecho algo as\u00ed, con la honrosa excepci\u00f3n de El Paso, en Riogordo, dedicado a un tema sacro. Fue totalmente nuevo en M\u00e1laga el representar acciones con personas vestidas a la usanza de principios del XIX, con r\u00e9plicas de armas de la \u00e9poca, etc. Por ello, al legalizarse nuestra Asociaci\u00f3n Hist\u00f3rico Cultural Torrijos 1831, no s\u00f3lo se convirti\u00f3 en la m\u00e1s antigua en el territorio nacional dedicada al personaje de Torrijos, sino tambi\u00e9n, en la m\u00e1s antigua en cuanto a recreaciones del siglo XIX en toda Andaluc\u00eda. Por ser un proyecto original y diferente cuando se fund\u00f3, tanto en sus caracter\u00edsticas como fines, escogimos un nombre que no contraviniera lo estipulado en el punto 3, del Art\u00edculo 8 de la Ley Org\u00e1nica 1\/2002 de 22 de marzo, reguladora del Derecho de Asociaci\u00f3n: <em>\u201cTampoco podr\u00e1 coincidir, a asemejarse de manera que pueda crear confusi\u00f3n, con ninguna previamente inscrita en el Registro que proceda su inscripci\u00f3n\u201d<\/em>. Fue un nombre bien seleccionado, no parecido al de ning\u00fan otro colectivo hist\u00f3rico-cultural previamente activado en la provincia de M\u00e1laga, ni en el resto del pa\u00eds, lo que marc\u00f3 desde un principio la originalidad, talante y forma de actuar, de nuestra Asociaci\u00f3n. Con decir <em>Torrijos<\/em> se expresan derechos ciudadanos como Libertad, Justicia o Constituci\u00f3n. El a\u00f1adido <em>1831<\/em> es todo un manifiesto de intenciones: resaltar los sucesos de nuestra provincia en aquel a\u00f1o.\u00a0\u00a0 <\/span><\/strong><\/p>\n<p style=\"text-align: justify;\"><strong><span style=\"color: #000000;\">Inherente al proceso constituyente de nuestro colectivo, creamos las <em>Jornadas de homenaje a Torrijos y la Constituci\u00f3n<\/em> que en su arranque fueron apoyadas por el Ayuntamiento de Alhaur\u00edn de la Torre, lo que determin\u00f3 que la primera sede se ubicara en este pueblo. Al conmemorar las <em>III Jornadas<\/em>, en diciembre de 2004, se vio el potencial hist\u00f3rico que pod\u00eda desarrollar este evento, as\u00ed como las optimistas expectativas que aguardaban. Demasiado bueno para no despertar males que, durante algunos a\u00f1os, atentaron contra la labor de las <em>Jornadas<\/em> y la propia Asociaci\u00f3n Torrijos Hist\u00f3rico Cultural 1831 para hacerlas desaparecer, o al menos, suplantarlas. Sin embargo, con personalidad, integridad, valent\u00eda, dedicaci\u00f3n y esfuerzo, un grupo de personas leales, junto a cuatro miembros fundadores del colectivo, lograron remontar todos los obst\u00e1culos puestos en el camino, obrando con inteligencia y, sobre todo, no cometiendo errores, consiguiendo hacer de la Asociaci\u00f3n Torrijos Hist\u00f3rico Cultural 1831 un colectivo m\u00e1s fuerte en su caminar, cualitativamente mejor estructurado en su org\u00e1nica, consolidado en lo cultural y con una personalidad m\u00e1s definida, libre e independiente.<\/span><\/strong><\/p>\n<p style=\"text-align: justify;\"><strong><span style=\"color: #000000;\">Hoy, la Asociaci\u00f3n Hist\u00f3rico Cultural Torrijos 1831 ha conseguido importantes logros. Mantenemos relaciones cordiales con los descendientes del grupo de Torrijos, y con destacados profesores e investigadores, estudiosos de aquellos hechos. Nuestro <em>Archivo Torrijos<\/em> es la mayor base de datos, en Andaluc\u00eda, sobre los sucesos de diciembre de 1831. Nuestras recreaciones a pie de calle han alcanzado amplia resonancia y consideraci\u00f3n en nuestra provincia, por su vestuario y buen hacer interpretativo. Adem\u00e1s, se ha se\u00f1alizado la playa de El Charc\u00f3n con un peque\u00f1o monumento, y en Mijas hay un Centro de Interpretaci\u00f3n dedicado al desembarco de los liberales. En cuanto a M\u00e1laga, se ha colocado una l\u00e1pida en el verdadero lugar donde cay\u00f3 fusilado el grupo de Torrijos, en El Bulto; y en el antiguo cementerio de San Miguel, se ha se\u00f1alizado con una Cruz el lugar donde estuvo la fosa de los liberales durante 11 a\u00f1os; siendo otro logro, la vuelta de las l\u00e1pidas de Torrijos y L\u00f3pez-Pinto al primer muro del campo santo. Se ha restaurado la cripta de la Plaza de la Merced, se han reubicado en su interior los restos de los liberales, y restaurado el obelisco. Las propuestas de la Asociaci\u00f3n para la reconstrucci\u00f3n del Refectorio del antiguo convento de San Andr\u00e9s, a lo largo de diecisiete a\u00f1os, han ayudado en la decisi\u00f3n del Ayuntamiento de M\u00e1laga, para gestionar la acertada restauraci\u00f3n de este edificio, lograda a principios de 2018. A final de ese mismo a\u00f1o, en el d\u00eda 10 de diciembre, el Ayuntamiento de M\u00e1laga y la Asociaci\u00f3n Torrijos Hist\u00f3rico Cultural 1831 inauguraron el Centro de Interpretaci\u00f3n Hist\u00f3rico Jos\u00e9 Mar\u00eda Torrijos, en el interior del Refectorio, situado junto a la Plaza de la Libertad (El Perchel), donde nuestro colectivo expone con car\u00e1cter permanente, una parte importante de su patrimonio, con documentos, uniformidades, maquetas, banderas, cuadros, bustos, etc. recuperando as\u00ed la ciudad de M\u00e1laga uno de los lugares m\u00e1s emblem\u00e1ticos de la defensa de las libertades en nuestra capital, uni\u00e9ndose en un invisible lazo hist\u00f3rico, a la Cruz de El Bulto y a la Plaza de la Merced. A lo largo del a\u00f1o, el Centro de Interpretaci\u00f3n Hist\u00f3rico Jos\u00e9 Mar\u00eda Torrijos es visitado por profesores y alumnos de colegios, institutos, Universidad, centros de adultos, asociaciones culturales, vecinales y mayores, de la capital y pueblos de la provincia, periodistas, descendientes del grupo de Torrijos, visitantes del barrio de El Perchel y, aquellos turistas, que haciendo tiempo en la gran estaci\u00f3n de Vialia, visitan a espera de la salida de su tren, este Centro, situado a s\u00f3lo a ciento cincuenta metros de la estaci\u00f3n.<\/span><\/strong><\/p>\n<p style=\"text-align: justify;\"><strong><span style=\"color: #000000;\">En cuanto a Alhaur\u00edn de la Torre, nuestra Asociaci\u00f3n tiene su exposici\u00f3n permanente sobre Torrijos en la barriada de Torrealquer\u00eda. En 2007, se aprob\u00f3 en Pleno del Ayuntamiento la reconstrucci\u00f3n de la Alquer\u00eda de Mollina. Sin embargo, hasta la fecha, su restauraci\u00f3n contin\u00faa sin visos de hacerse realidad.<\/span><\/strong><\/p>\n<p style=\"text-align: justify;\"><strong><span style=\"color: #000000;\">Mi mayor agradecimiento a todos mis compa\u00f1eros que, con su dedicaci\u00f3n, esfuerzo e integridad, se han mantenido leales a los valores de este proyecto y a su modelo asociativo cultural, poniendo por delante la lealtad y la integridad, algo tan deteriorado y tan proclive a las componendas, en estos tiempos que vivimos. Tambi\u00e9n, a todas las personas que, con inteligencia y honradez, desde fuera nos han apoyado: descendientes del grupo de valientes liberales de Torrijos, intelectuales, autoridades, colectivos, pol\u00edticos y artistas. Todos ellos han sido, y son, muy necesarios en la tarea hist\u00f3rica que nos encomendamos hace tiempo, plena de ideales y sentimientos.<\/span><\/strong><\/p>\n<p><strong><span style=\"color: #000000;\">Un saludo.<\/span><\/strong><\/p>\n<p><strong><span style=\"color: #000000;\">Esteban Alc\u00e1ntara Alcaide.<\/span><\/strong><\/p>\n<p>\u00a0<\/p>\n\n\n<figure class=\"wp-block-image\"><img alt=\"\"\/><\/figure>\n","protected":false},"excerpt":{"rendered":"<p>SALUDO DEL PRESIDENTE DE LA ASOCIACI\u00d3N HIST\u00d3RICO CULTURAL TORRIJOS 1831 Estimados amigos: Como presidente de la Asociaci\u00f3n Hist\u00f3rico Cultural Torrijos 1831, colectivo que inici\u00f3 su andadura en 2002, me dirijo a ustedes para darles la grata noticia de la apertura de esta web, dedicada a expandir el sentido, trayectoria y actividades, de nuestro colectivo, en&#8230;<\/p>\n","protected":false},"author":1,"featured_media":0,"parent":0,"menu_order":0,"comment_status":"closed","ping_status":"closed","template":"","meta":[],"_links":{"self":[{"href":"http:\/\/www.torrijos1831.com\/index.php?rest_route=\/wp\/v2\/pages\/34"}],"collection":[{"href":"http:\/\/www.torrijos1831.com\/index.php?rest_route=\/wp\/v2\/pages"}],"about":[{"href":"http:\/\/www.torrijos1831.com\/index.php?rest_route=\/wp\/v2\/types\/page"}],"author":[{"embeddable":true,"href":"http:\/\/www.torrijos1831.com\/index.php?rest_route=\/wp\/v2\/users\/1"}],"replies":[{"embeddable":true,"href":"http:\/\/www.torrijos1831.com\/index.php?rest_route=%2Fwp%2Fv2%2Fcomments&post=34"}],"version-history":[{"count":9,"href":"http:\/\/www.torrijos1831.com\/index.php?rest_route=\/wp\/v2\/pages\/34\/revisions"}],"predecessor-version":[{"id":3145,"href":"http:\/\/www.torrijos1831.com\/index.php?rest_route=\/wp\/v2\/pages\/34\/revisions\/3145"}],"wp:attachment":[{"href":"http:\/\/www.torrijos1831.com\/index.php?rest_route=%2Fwp%2Fv2%2Fmedia&parent=34"}],"curies":[{"name":"wp","href":"https:\/\/api.w.org\/{rel}","templated":true}]}}